{"id":187540,"date":"2025-06-30T13:13:39","date_gmt":"2025-06-30T11:13:39","guid":{"rendered":"https:\/\/comunicacion.umh.es\/?page_id=187540"},"modified":"2026-04-02T13:57:13","modified_gmt":"2026-04-02T11:57:13","slug":"imagen-corporativa-2","status":"publish","type":"page","link":"https:\/\/comunicacion.umh.es\/ca\/publicidad\/imagen-corporativa-2\/","title":{"rendered":"Imagen Corporativa"},"content":{"rendered":"<p><\/p>\n<h3><img loading=\"lazy\" class=\"aligncenter\" src=\"https:\/\/comunicacion.umh.es\/files\/2017\/12\/LOGO-ART-PRINCIPAL-IMPRESION-FONDO-BLANCOexportado.jpg\" alt=\"LOGO_20_ANIVERSARIO_UMH_MAIL\" width=\"300\" height=\"108\"><\/h3>\n<p><div id=\"accordions-194425\" class=\"accordions-194425 accordions\">\r\n                <div id=\"accordions-lazy-194425\" class=\"accordions-lazy\">\r\n                    <\/div>\r\n        <script>\r\n            jQuery(window).load(function(){\r\n                jQuery('#accordions-lazy-194425').fadeOut();\r\n                jQuery('#accordions-194425 .items').fadeIn();\r\n            });\r\n        <\/script><style type='text\/css'>\r\n        @media only screen and (min-width: 1024px ){\r\n            #accordions-194425 {\r\n                            width: 100%;\r\n                        }\r\n        }\r\n        @media only screen and ( min-width: 768px ) and ( max-width: 1023px ) {\r\n            #accordions-194425 {\r\n                            width: 100%;\r\n                        }\r\n        }\r\n        @media only screen and ( min-width: 0px ) and ( max-width: 767px ){\r\n            #accordions-194425 {\r\n                            width: 100%;\r\n                        }\r\n        }\r\n                    #accordions-194425 .items {display: none;}\r\n            #accordions-194425 .accordions-lazy {\r\n                text-align: center;\r\n                position: absolute;\r\n                top: 50%;\r\n                left: 50%;\r\n                transform: translate(-50%, -50%);\r\n            }\r\n            #accordions-194425 {\r\n                            text-align: left;\r\n                                        background:#ffffff url() repeat scroll 0 0;\r\n                                    position: relative;\r\n        }\r\n        #accordions-194425 .accordions-head{\r\n                    background:#d3d3d3 none repeat scroll 0 0;\r\n                                    outline: none;\r\n        }\r\n        #accordions-194425 .accordions-head-title{\r\n                            color:#000000;\r\n                            font-size:16px;\r\n                }\r\n        #accordions-194425 .accordions-head-title-toggle{\r\n                    color:#000000;\r\n                            font-size:16px;\r\n                }\r\n        #accordions-194425 .accordions-head:hover .accordions-head-title{\r\n                    color:#000000;\r\n                }\r\n        #accordions-194425 .ui-state-active{\r\n                    background: #757575;\r\n                    border: none;\r\n        }\r\n        #accordions-194425 .accordion-content{\r\n                            background:#ffffff none repeat scroll 0 0;\r\n                            color:#000000;\r\n                                            border: none;\r\n        }\r\n        #accordions-194425 .accordion-icons{\r\n                        color:#d3d3d3;\r\n                                                background:#d3d3d3 none repeat scroll 0 0;\r\n                                            }\r\n        #accordions-194425 .accordions-head:hover .accordion-icons span{\r\n                        color:#000000;\r\n                    }\r\n            <\/style>\r\n    <div class=\"items\">\r\n                        <div post_id=\"194425\" itemcount=\"0\" header_id=\"header-1751271962291\" id=\"header-1751271962291\" style=\"\" class=\"accordions-head head1751271962291 border-none\" toggle-text=\"\" main-text=\"Format per a \u00fas en correu electr\u00f2nic\">\r\n                                            <span id=\"accordion-icons-1751271962291\" class=\"accordion-icons\">\r\n                            <span class=\"accordion-icon-active accordion-plus\"><i class=\"fas fa-chevron-up\"><\/i><\/span>\r\n                            <span class=\"accordion-icon-inactive accordion-minus\"><i class=\"fas fa-chevron-right\"><\/i><\/span>\r\n                        <\/span>\r\n                        <span id=\"header-text-1751271962291\" class=\"accordions-head-title\">Format per a \u00fas en correu electr\u00f2nic<\/span>\r\n                                        <\/div>\r\n                <div class=\"accordion-content content1751271962291 \">\r\n                    <ul>\n<li><a href=\"https:\/\/comunicacion.umh.es\/files\/2017\/12\/LOGO-UMH-FIRMA-EMAIL-1.zip\">Format per a \u00fas en correu electr\u00f2nic\u00a0<\/a><\/li>\n<\/ul>\n                <\/div>\r\n                                <div post_id=\"194425\" itemcount=\"1\" header_id=\"header-1751271964594\" id=\"header-1751271964594\" style=\"\" class=\"accordions-head head1751271964594 border-none\" toggle-text=\"\" main-text=\"Articulaci\u00f3 principal\">\r\n                                            <span id=\"accordion-icons-1751271964594\" class=\"accordion-icons\">\r\n                            <span class=\"accordion-icon-active accordion-plus\"><i class=\"fas fa-chevron-up\"><\/i><\/span>\r\n                            <span class=\"accordion-icon-inactive accordion-minus\"><i class=\"fas fa-chevron-right\"><\/i><\/span>\r\n                        <\/span>\r\n                        <span id=\"header-text-1751271964594\" class=\"accordions-head-title\">Articulaci\u00f3 principal<\/span>\r\n                                        <\/div>\r\n                <div class=\"accordion-content content1751271964594 \">\r\n                    <ul>\n<li>Articulaci\u00f3 principal (<a href=\"https:\/\/comunicacion.umh.es\/files\/2008\/07\/PRIMERA-ARTICULACION-COLOR-RGB_ok.jpg\">\u00fas web JPG<\/a>, <a href=\"https:\/\/comunicacion.umh.es\/files\/2008\/07\/PRIMERA-ARTICULACION-COLOR-CMYK_ok.jpg\">\u00fas impr\u00e9s JPG<\/a>)<\/li>\n<li>Articulaci\u00f3 principal en una tinta (<a href=\"https:\/\/comunicacion.umh.es\/files\/2008\/07\/PRIMERA-ARTICULACION-UNA-TINTA-RGB_ok.jpg\">\u00fas web JPG<\/a>, <a href=\"https:\/\/comunicacion.umh.es\/files\/2008\/07\/PRIMERA-ARTICULACION-UNA-TINTA-CMYK_ok.jpg\">\u00fas impr\u00e9s JPG<\/a>)<\/li>\n<\/ul>\n                <\/div>\r\n                                <div post_id=\"194425\" itemcount=\"2\" header_id=\"header-1751271965018\" id=\"header-1751271965018\" style=\"\" class=\"accordions-head head1751271965018 border-none\" toggle-text=\"\" main-text=\"Segona articulaci\u00f3\">\r\n                                            <span id=\"accordion-icons-1751271965018\" class=\"accordion-icons\">\r\n                            <span class=\"accordion-icon-active accordion-plus\"><i class=\"fas fa-chevron-up\"><\/i><\/span>\r\n                            <span class=\"accordion-icon-inactive accordion-minus\"><i class=\"fas fa-chevron-right\"><\/i><\/span>\r\n                        <\/span>\r\n                        <span id=\"header-text-1751271965018\" class=\"accordions-head-title\">Segona articulaci\u00f3<\/span>\r\n                                        <\/div>\r\n                <div class=\"accordion-content content1751271965018 \">\r\n                    <ul>\n<li>Segona articulaci\u00f3 (<a href=\"https:\/\/comunicacion.umh.es\/files\/2008\/07\/SEGUNDA-ARTICULACION-COLOR-RGB_ok.jpg\">\u00fas web JPG<\/a>, <a href=\"https:\/\/comunicacion.umh.es\/files\/2008\/07\/SEGUNDA-ARTICULACION-COLOR-CMYK_ok.jpg\">\u00fas impr\u00e9s JPG<\/a>)<\/li>\n<li>Segona articulaci\u00f3 en una tinta (<a href=\"https:\/\/comunicacion.umh.es\/files\/2008\/07\/SEGUNDA-ARTICULACION-UNA-TINTA-RGB_ok.jpg\">\u00fas web JPG<\/a>, <a href=\"https:\/\/comunicacion.umh.es\/files\/2008\/07\/SEGUNDA-ARTICULACION-UNA-TINTA-CMYK_ok.jpg\">\u00fas impr\u00e9s JPG<\/a>)<\/li>\n<\/ul>\n                <\/div>\r\n                                <div post_id=\"194425\" itemcount=\"3\" header_id=\"header-1751271965354\" id=\"header-1751271965354\" style=\"\" class=\"accordions-head head1751271965354 border-none\" toggle-text=\"\" main-text=\"Firma correo electr\u00f3nico\">\r\n                                            <span id=\"accordion-icons-1751271965354\" class=\"accordion-icons\">\r\n                            <span class=\"accordion-icon-active accordion-plus\"><i class=\"fas fa-chevron-up\"><\/i><\/span>\r\n                            <span class=\"accordion-icon-inactive accordion-minus\"><i class=\"fas fa-chevron-right\"><\/i><\/span>\r\n                        <\/span>\r\n                        <span id=\"header-text-1751271965354\" class=\"accordions-head-title\">Firma correo electr\u00f3nico<\/span>\r\n                                        <\/div>\r\n                <div class=\"accordion-content content1751271965354 \">\r\n                    <p>Se pone a disposici\u00f3n de los usuarios con correo institucional un formato de firma en movimiento. Para poder implantarlo en nuestro correo electr\u00f3nico podemos seguir los siguientes pasos:<\/p>\n<ol>\n<li>Descarga el logo en movimiento\u00a0<a href=\"https:\/\/comunicacion.umh.es\/files\/2024\/07\/LOGO-UMH-GIF-FINAL.gif\">aqu\u00ed.<\/a><\/li>\n<li>Abre la cuenta de Gmail institucional &gt; Apartado Configuraci\u00f3n (icono de tuerca en la parte superior derecha de la interfaz) &gt; Ver todos los ajustes.<\/li>\n<li>En el apartado \u00abGeneral\u00bb busca la secci\u00f3n \u00abFirma\u00bb y haz clic en \u00ab+ Crear\u00bb.<\/li>\n<li>Inserta el logo en movimiento haciendo clic en \u00abInsertar imagen\u00bb &gt; Apartado \u00abGoogle Drive\u00bb &gt; haz clic en \u00abSubir\u00bb y \u00abExaminar\u00bb. Cuando se aplique la imagen modifica el tama\u00f1o a la\u00a0<strong>versi\u00f3n mediana.<\/strong><\/li>\n<li>Guarda la firma y en valores predeterminados indica que deseas usar la firma para correos nuevos y para respuestas\/reenv\u00edos.<\/li>\n<\/ol>\n                <\/div>\r\n                                <div post_id=\"194425\" itemcount=\"4\" header_id=\"header-1751272247579\" id=\"header-1751272247579\" style=\"\" class=\"accordions-head head1751272247579 border-none\" toggle-text=\"\" main-text=\"Formato profesional\">\r\n                                            <span id=\"accordion-icons-1751272247579\" class=\"accordion-icons\">\r\n                            <span class=\"accordion-icon-active accordion-plus\"><i class=\"fas fa-chevron-up\"><\/i><\/span>\r\n                            <span class=\"accordion-icon-inactive accordion-minus\"><i class=\"fas fa-chevron-right\"><\/i><\/span>\r\n                        <\/span>\r\n                        <span id=\"header-text-1751272247579\" class=\"accordions-head-title\">Formato profesional<\/span>\r\n                                        <\/div>\r\n                <div class=\"accordion-content content1751272247579 \">\r\n                    <p>Vectorial para uso profesional. Esta versi\u00f3n extendida incluye la totalidad de las versiones de la articulaci\u00f3n principal as\u00ed como la segunda y tercera articulaci\u00f3n del logos\u00edmbolo. (<a href=\"https:\/\/comunicacion.umh.es\/files\/2008\/07\/DOCUMENTO-LOGOS-PROFESIONAL-SEGURIDAD1_ok.pdf\">Descarga de PDF<\/a>).<\/p>\n<p>Las versiones del s\u00edmbolo y del logos\u00edmbolo as\u00ed como de otras articulaciones que aqu\u00ed se muestran son las \u00fanicas v\u00e1lidas. La deformaci\u00f3n, giro, cambios de color, eliminaci\u00f3n o superposici\u00f3n de elementos ajenos, superposici\u00f3n sobre colores no permitidos o que causen confusi\u00f3n o cambios en la ubicaci\u00f3n o proporci\u00f3n de los elementos propios de la identidad visual, no est\u00e1n permitidos en ning\u00fan caso.<\/p>\n                <\/div>\r\n                                <div post_id=\"194425\" itemcount=\"5\" header_id=\"header-1751272249111\" id=\"header-1751272249111\" style=\"\" class=\"accordions-head head1751272249111 border-none\" toggle-text=\"\" main-text=\"Manual b\u00e1sico\">\r\n                                            <span id=\"accordion-icons-1751272249111\" class=\"accordion-icons\">\r\n                            <span class=\"accordion-icon-active accordion-plus\"><i class=\"fas fa-chevron-up\"><\/i><\/span>\r\n                            <span class=\"accordion-icon-inactive accordion-minus\"><i class=\"fas fa-chevron-right\"><\/i><\/span>\r\n                        <\/span>\r\n                        <span id=\"header-text-1751272249111\" class=\"accordions-head-title\">Manual b\u00e1sico<\/span>\r\n                                        <\/div>\r\n                <div class=\"accordion-content content1751272249111 \">\r\n                    <p>Con el fin de respetar nuestra identidad corporativa, la Universidad tambi\u00e9n pone a su disposici\u00f3n el Manual B\u00e1sico de Identidad Visual Corporativa completo. Se recomienda su lectura antes de hacer uso de cualquiera de los archivos de descarga incluidos en esta p\u00e1gina.<a href=\"https:\/\/comunicacion.umh.es\/files\/2017\/12\/MANUAL-UMH-APROBADO.zip\">(Descarga de Manual Castellano) <\/a><a href=\"https:\/\/comunicacion.umh.es\/files\/2017\/12\/MANUAL-UMH-VALENCIA.zip\">(Descarga de Manual en Valenciano)<\/a><\/p>\n                <\/div>\r\n                                <div post_id=\"194425\" itemcount=\"6\" header_id=\"header-1751272305775\" id=\"header-1751272305775\" style=\"\" class=\"accordions-head head1751272305775 border-none\" toggle-text=\"\" main-text=\"Extensi\u00f3n del manual b\u00e1sico\">\r\n                                            <span id=\"accordion-icons-1751272305775\" class=\"accordion-icons\">\r\n                            <span class=\"accordion-icon-active accordion-plus\"><i class=\"fas fa-chevron-up\"><\/i><\/span>\r\n                            <span class=\"accordion-icon-inactive accordion-minus\"><i class=\"fas fa-chevron-right\"><\/i><\/span>\r\n                        <\/span>\r\n                        <span id=\"header-text-1751272305775\" class=\"accordions-head-title\">Extensi\u00f3n del manual b\u00e1sico<\/span>\r\n                                        <\/div>\r\n                <div class=\"accordion-content content1751272305775 \">\r\n                    <p align=\"justify\">Este documento es una extensi\u00f3n del Manual b\u00e1sico de Identidad Visual Corporativa de la Universidad Miguel Hern\u00e1ndez de Elche. En \u00e9l se presentan las diferentes aplicaciones y usos del Manual (<a href=\"https:\/\/comunicacion.umh.es\/files\/2019\/12\/EXTENSI%C3%93N-MANUAL-FINAL.pdf\">Descarga del manual<\/a>). Este manual cuenta con el siguiente repositorio de plantillas:<\/p>\n<ul>\n<li><a href=\"https:\/\/comunicacion.umh.es\/files\/2019\/12\/DOCUMENTOS-OFICIALES-1.zip\">Documentos oficiales<\/a><\/li>\n<li><a href=\"https:\/\/comunicacion.umh.es\/files\/2019\/12\/DIPLOMAS-OFICIALES.zip\">Diplomas oficiales<\/a><\/li>\n<li><a href=\"https:\/\/comunicacion.umh.es\/files\/2019\/12\/FIRMA-CORREO.zip\">Firma de correo electr\u00f3nico<\/a><\/li>\n<li><a href=\"https:\/\/comunicacion.umh.es\/files\/2019\/12\/CU%C3%91OS-Y-SELLOS.zip\">Cu\u00f1os y sellos<\/a><\/li>\n<li><a href=\"https:\/\/comunicacion.umh.es\/files\/2019\/12\/NOTA-INTERNA.zip\">Nota interna<\/a><\/li>\n<li><a href=\"https:\/\/comunicacion.umh.es\/files\/2019\/12\/TARJETAS-DE-VISITA.zip\">Tarjetas de visita<\/a><\/li>\n<li><a href=\"https:\/\/comunicacion.umh.es\/files\/2019\/12\/FONDO-DE-PANTALLA-_HD_.zip\">Fondo de pantalla<\/a><\/li>\n<li><a href=\"https:\/\/comunicacion.umh.es\/files\/2019\/12\/FONDO-PRESENTACIONES.zip\">Fondo de presentaciones<\/a><\/li>\n<li><a href=\"https:\/\/comunicacion.umh.es\/files\/2019\/12\/PRESENTACI%C3%93N-UMH.zip\">Plantilla presentaci\u00f3n completa<\/a><\/li>\n<li><a href=\"https:\/\/comunicacion.umh.es\/files\/2019\/12\/DISE%C3%91O-SOBRE.zip\">Dise\u00f1o de sobres<\/a><\/li>\n<li><a href=\"https:\/\/comunicacion.umh.es\/publicidad\/logotipos\/plantillas-de-diseno-online-umh\/\">Dise\u00f1o online de carteler\u00eda, redes sociales y otros<\/a><\/li>\n<\/ul>\n                <\/div>\r\n                                <div post_id=\"194425\" itemcount=\"7\" header_id=\"header-1751272310159\" id=\"header-1751272310159\" style=\"\" class=\"accordions-head head1751272310159 border-none\" toggle-text=\"\" main-text=\"Normas b\u00e1sicas para publicaciones\">\r\n                                            <span id=\"accordion-icons-1751272310159\" class=\"accordion-icons\">\r\n                            <span class=\"accordion-icon-active accordion-plus\"><i class=\"fas fa-chevron-up\"><\/i><\/span>\r\n                            <span class=\"accordion-icon-inactive accordion-minus\"><i class=\"fas fa-chevron-right\"><\/i><\/span>\r\n                        <\/span>\r\n                        <span id=\"header-text-1751272310159\" class=\"accordions-head-title\">Normas b\u00e1sicas para publicaciones<\/span>\r\n                                        <\/div>\r\n                <div class=\"accordion-content content1751272310159 \">\r\n                    <ul>\n<li><a href=\"https:\/\/comunicacion.umh.es\/files\/2020\/06\/Manual-Norma-Gra%CC%81fica-Publicaciones.pdf\" target=\"_blank\" rel=\"noopener noreferrer\">Descarga el manual de normas gra\u0301ficas para publicaciones<\/a><\/li>\n<\/ul>\n                <\/div>\r\n                                <div post_id=\"194425\" itemcount=\"8\" header_id=\"header-1751272358319\" id=\"header-1751272358319\" style=\"\" class=\"accordions-head head1751272358319 border-none\" toggle-text=\"\" main-text=\"Manual de se\u00f1al\u00e9tica interior\">\r\n                                            <span id=\"accordion-icons-1751272358319\" class=\"accordion-icons\">\r\n                            <span class=\"accordion-icon-active accordion-plus\"><i class=\"fas fa-chevron-up\"><\/i><\/span>\r\n                            <span class=\"accordion-icon-inactive accordion-minus\"><i class=\"fas fa-chevron-right\"><\/i><\/span>\r\n                        <\/span>\r\n                        <span id=\"header-text-1751272358319\" class=\"accordions-head-title\">Manual de se\u00f1al\u00e9tica interior<\/span>\r\n                                        <\/div>\r\n                <div class=\"accordion-content content1751272358319 \">\r\n                    <ul>\n<li><a href=\"https:\/\/comunicacion.umh.es\/files\/2023\/06\/MANUAL-SENALETICA-2023.pdf\">Descarga el manual de se\u00f1al\u00e9tica interior (castellano)<\/a><\/li>\n<li><a href=\"https:\/\/comunicacion.umh.es\/files\/2022\/03\/SENALETICA-VAL-1.pdf\">Descarrega el manual de senyal\u00edstica interior (valenci\u00e0)<\/a><\/li>\n<\/ul>\n                <\/div>\r\n                                <div post_id=\"194425\" itemcount=\"9\" header_id=\"header-1751272360455\" id=\"header-1751272360455\" style=\"\" class=\"accordions-head head1751272360455 border-none\" toggle-text=\"\" main-text=\"Normativa de contrataci\u00f3n de espacios publicitarios con terceros en la UMH\">\r\n                                            <span id=\"accordion-icons-1751272360455\" class=\"accordion-icons\">\r\n                            <span class=\"accordion-icon-active accordion-plus\"><i class=\"fas fa-chevron-up\"><\/i><\/span>\r\n                            <span class=\"accordion-icon-inactive accordion-minus\"><i class=\"fas fa-chevron-right\"><\/i><\/span>\r\n                        <\/span>\r\n                        <span id=\"header-text-1751272360455\" class=\"accordions-head-title\">Normativa de contrataci\u00f3n de espacios publicitarios con terceros en la UMH<\/span>\r\n                                        <\/div>\r\n                <div class=\"accordion-content content1751272360455 \">\r\n                    <p>La Universidad Miguel Hern\u00e1ndez pone a la disposici\u00f3n de los usuarios el logos\u00edmbolo de la misma en las siguientes versiones para facilitar el uso y difusi\u00f3n correcta de su imagen de marca. Aqu\u00ed tienes unas\u00a0<a href=\"https:\/\/comunicacion.umh.es\/files\/2018\/03\/RECOMENDACIONES-DE-USO-DEL-LOGOTIPO-corregido.pdf\">recomendaciones para su uso<\/a>.<\/p>\n<p><a href=\"https:\/\/comunicacion.umh.es\/files\/2021\/04\/NORMATIVA-CONTRATACION-PUBLICONTERCEROS.pdf\">NORMATIVA-CONTRATACION-PUBLICONTERCEROS<\/a><\/p>\n                <\/div>\r\n                                <div post_id=\"194425\" itemcount=\"10\" header_id=\"header-1768557414946\" id=\"header-1768557414946\" style=\"\" class=\"accordions-head head1768557414946 border-none\" toggle-text=\"\" main-text=\"Manual de Redes Sociales\">\r\n                                            <span id=\"accordion-icons-1768557414946\" class=\"accordion-icons\">\r\n                            <span class=\"accordion-icon-active accordion-plus\"><i class=\"fas fa-chevron-up\"><\/i><\/span>\r\n                            <span class=\"accordion-icon-inactive accordion-minus\"><i class=\"fas fa-chevron-right\"><\/i><\/span>\r\n                        <\/span>\r\n                        <span id=\"header-text-1768557414946\" class=\"accordions-head-title\">Manual de Redes Sociales<\/span>\r\n                                        <\/div>\r\n                <div class=\"accordion-content content1768557414946 \">\r\n                    <p>Aqu\u00ed podr\u00e1s descargarte el <a href=\"https:\/\/comunicacion.umh.es\/files\/2026\/01\/MANUAL-DE-REDES-SOCIALES.pdf\">manual de redes sociales<\/a>.<\/p>\n                <\/div>\r\n                    <\/div>\r\n    <script>\r\n        jQuery(document).ready(function($){accordions_active_index_194425 = [];        })\r\n    <\/script>    <script>\r\n        jQuery(document).ready(function($){\r\n            accordion_194425  = $(\"#accordions-194425 .items\").accordion({\r\n                event: \"click\",\r\n                collapsible:true,\r\n                heightStyle: \"content\",\r\n                animate: (\"swing\", 1000),\r\n                navigation: true,\r\n                active: 999,\r\n                            });\r\n        })\r\n    <\/script>\r\n                <\/div><\/p>","protected":false},"excerpt":{"rendered":"<p>           [&#8230;]<\/p>\n","protected":false},"author":787,"featured_media":0,"parent":255,"menu_order":320,"comment_status":"closed","ping_status":"open","template":"","meta":{"ngg_post_thumbnail":0,"_links_to":"","_links_to_target":""},"_links":{"self":[{"href":"https:\/\/comunicacion.umh.es\/ca\/wp-json\/wp\/v2\/pages\/187540"}],"collection":[{"href":"https:\/\/comunicacion.umh.es\/ca\/wp-json\/wp\/v2\/pages"}],"about":[{"href":"https:\/\/comunicacion.umh.es\/ca\/wp-json\/wp\/v2\/types\/page"}],"author":[{"embeddable":true,"href":"https:\/\/comunicacion.umh.es\/ca\/wp-json\/wp\/v2\/users\/787"}],"replies":[{"embeddable":true,"href":"https:\/\/comunicacion.umh.es\/ca\/wp-json\/wp\/v2\/comments?post=187540"}],"version-history":[{"count":0,"href":"https:\/\/comunicacion.umh.es\/ca\/wp-json\/wp\/v2\/pages\/187540\/revisions"}],"up":[{"embeddable":true,"href":"https:\/\/comunicacion.umh.es\/ca\/wp-json\/wp\/v2\/pages\/255"}],"wp:attachment":[{"href":"https:\/\/comunicacion.umh.es\/ca\/wp-json\/wp\/v2\/media?parent=187540"}],"curies":[{"name":"wp","href":"https:\/\/api.w.org\/{rel}","templated":true}]}}