{"id":260,"date":"2008-07-17T09:56:59","date_gmt":"2008-07-17T07:56:59","guid":{"rendered":"http:\/\/comunicacion.zeus.umh.es\/logotipos\/"},"modified":"2024-07-11T13:57:02","modified_gmt":"2024-07-11T11:57:02","slug":"logotipos","status":"publish","type":"page","link":"https:\/\/comunicacion.umh.es\/ca\/publicidad\/logotipos\/","title":{"rendered":"Imagen Corporativa"},"content":{"rendered":"<p>La Universidad Miguel Hern\u00e1ndez pone a la disposici\u00f3n de los usuarios el logos\u00edmbolo de la misma en las siguientes versiones para facilitar el uso y difusi\u00f3n correcta de su imagen de marca:<\/p>\n<h2 style=\"margin-bottom: 10px\"><span style=\"color: #800000\">FORMATO PARA USO EN CORREO ELECTR\u00d3NICO<\/span><\/h2>\n<p><img loading=\"lazy\" src=\"https:\/\/comunicacion.umh.es\/files\/2017\/12\/LOGO-ART-PRINCIPAL-IMPRESION-FONDO-BLANCOexportado.jpg\" alt=\"LOGO_20_ANIVERSARIO_UMH_MAIL\" width=\"300\" height=\"108\"><br \/>\n<a href=\"https:\/\/comunicacion.umh.es\/files\/2017\/12\/LOGO-UMH-FIRMA-EMAIL.zip\">Articulaci\u00f3n principal para uso integrado en correo electr\u00f3nico<\/a><\/p>\n<h2 style=\"margin-bottom: 10px\"><span style=\"color: #800000\">ARTICULACI\u00d3N PRINCIPAL<\/span><\/h2>\n<table style=\"text-align: left;border: 0\">\n<tbody>\n<tr style=\"text-align: left;border: 0\">\n<td style=\"border: 0;vertical-align: middle\"><img loading=\"lazy\" src=\"https:\/\/comunicacion.umh.es\/files\/2017\/12\/LOGO-ART-PRINCIPAL-IMPRESION-FONDO-BLANCOexportado.jpg\" alt=\"LOGO_20_ANIVERSARIO_UMH_MAIL\" width=\"300\" height=\"108\"><\/td>\n<td style=\"border: 0;vertical-align: middle\"><img loading=\"lazy\" src=\"https:\/\/comunicacion.umh.es\/files\/2017\/12\/LOGO-ART-PRINCIPAL-UNA-TINTA-IMPRESION-FONDO-BLANCO.exportado.jpg\" alt=\"LOGO_20_ANIVERSARIO_UMH_PNG_NEGATIVO_BLANCO\" width=\"300\" height=\"108\"><\/td>\n<\/tr>\n<tr style=\"border: 0\">\n<td style=\"border: 0;vertical-align: middle\"><a href=\"https:\/\/comunicacion.umh.es\/files\/2017\/12\/LOGO-ART-PRINCIPAL-WEB-FONDO-BLANCO.zip\">Articulaci\u00f3n principal para uso web JPG<\/a><br \/>\n<a href=\"https:\/\/comunicacion.umh.es\/files\/2017\/12\/LOGO-ART-PRINCIPAL-WEB-FONDO-TRANS.zip\">Articulaci\u00f3n principal para uso web PNG<\/a><br \/>\n<a href=\"https:\/\/comunicacion.umh.es\/files\/2017\/12\/LOGO-ART-PRINCIPAL-IMPRESION-FONDO-BLANCO.zip\">Articulaci\u00f3n principal para uso impreso JPG<\/a><br \/>\n<a href=\"https:\/\/comunicacion.umh.es\/files\/2017\/12\/LOGO-ART-PRINCIPAL-IMPRESION-FONDO-TRANSPARENTE.zip\">Articulaci\u00f3n principal para uso impreso PNG<\/a><\/td>\n<td style=\"border: 0;vertical-align: middle\"><a href=\"\/\/comunicacion.umh.es\/files\/2017\/12\/LOGO-ART-PRINCIPAL-UNA-TINTA-WEB-FONDO-BLANCO.zip\">Articulaci\u00f3n principal en una tinta para uso web JPG<\/a><br \/>\n<a href=\"https:\/\/comunicacion.umh.es\/files\/2017\/12\/LOGO-ART-PRINCIPA-UNA-TINTAL-WEB-FONDO-TRANS.zip\">Articulaci\u00f3n principal en una tinta para uso web PNG<\/a><br \/>\n<a href=\"https:\/\/comunicacion.umh.es\/files\/2017\/12\/LOGO-ART-PRINCIPAL-UNA-TINTA-IMPRESION-FONDO-BLANCO.zip\">Articulaci\u00f3n principal en una tinta para uso impreso JPG<\/a><br \/>\n<a href=\"https:\/\/comunicacion.umh.es\/files\/2017\/12\/LOGO-ART-PRINCIPAL-UNA-TINTA-IMPRESION-FONDO-TRANSPARENTE.zip\">Articulaci\u00f3n principal en una tinta para uso impreso PNG<\/a><\/td>\n<\/tr>\n<tr style=\"border: 0\">\n<td style=\"border: 0;vertical-align: middle\" colspan=\"2\">&nbsp; &nbsp; &nbsp; &nbsp; &nbsp; &nbsp; &nbsp; &nbsp; &nbsp; &nbsp;&nbsp;<\/td>\n<\/tr>\n<\/tbody>\n<\/table>\n<h2 style=\"margin-bottom: 10px\"><span style=\"color: #800000\">SEGUNDA ARTICULACI\u00d3N<\/span><\/h2>\n<table style=\"text-align: left;border: 0\">\n<tbody>\n<tr style=\"border: 0\">\n<td style=\"border: 0;vertical-align: middle\">&nbsp; &nbsp; &nbsp; &nbsp; &nbsp; &nbsp; &nbsp; &nbsp; &nbsp; &nbsp;&nbsp;&nbsp;<img loading=\"lazy\" class=\"alignnone\" src=\"https:\/\/comunicacion.umh.es\/files\/2017\/12\/LOGO-ART-SEC-IMPRESION-FONDO-TRANS.png\" alt=\"LOGO_20_ANIVERSARIO_UMH_MAIL\" width=\"100\" height=\"150\"><\/td>\n<td style=\"border: 0;vertical-align: middle\">&nbsp; &nbsp; &nbsp; &nbsp; &nbsp; &nbsp; &nbsp; &nbsp; &nbsp; &nbsp;&nbsp;&nbsp;&nbsp;&nbsp; &nbsp; &nbsp; &nbsp; &nbsp; &nbsp; &nbsp; &nbsp; &nbsp; &nbsp;&nbsp;&nbsp;&nbsp;&nbsp; &nbsp; &nbsp; &nbsp; &nbsp; &nbsp; &nbsp; &nbsp; &nbsp; &nbsp;&nbsp;&nbsp;&nbsp;<img loading=\"lazy\" class=\"alignnone\" src=\"https:\/\/comunicacion.umh.es\/files\/2017\/12\/LOGO-ART-SEC-UNA-TINTA-IMPRESION-FONDO-TRANS.png\" alt=\"LOGO_20_ANIVERSARIO_UMH_PNG_NEGATIVO_BLANCO\" width=\"100\" height=\"150\"><\/td>\n<\/tr>\n<tr style=\"border: 0\">\n<td style=\"border: 0;vertical-align: middle\"><a href=\"https:\/\/comunicacion.umh.es\/files\/2017\/12\/LOGO-ART-SEC-WEB-FONDO-BLANCO.zip\">Segunda articulaci\u00f3n para uso web JPG<\/a><br \/>\n<a href=\"https:\/\/comunicacion.umh.es\/files\/2017\/12\/LOGO-ART-SEC-WEB-FONDO-TRANS.zip\">Segunda articulaci\u00f3n para uso web PNG<\/a><br \/>\n<a href=\"https:\/\/comunicacion.umh.es\/files\/2017\/12\/LOGO-ART-SEC-IMPRESION-FONDO-BLANCO-1.zip\">Segunda articulaci\u00f3n para uso impreso JPG <\/a><br \/>\n<a href=\"https:\/\/comunicacion.umh.es\/files\/2017\/12\/LOGO-ART-SEC-IMPRESION-FONDO-TRANS.zip\">Segunda articulaci\u00f3n para uso impreso PNG<\/a><\/td>\n<td style=\"border: 0;vertical-align: middle\">&nbsp; &nbsp;&nbsp; &nbsp;&nbsp; &nbsp;&nbsp; &nbsp; &nbsp; &nbsp; &nbsp; &nbsp; &nbsp; &nbsp; &nbsp; &nbsp;&nbsp;&nbsp;<a href=\"https:\/\/comunicacion.umh.es\/files\/2017\/12\/LOGO-ART-SEC-UNA-TINTA-WEB-FONDO-BLANCO.zip\">Segunda articulaci\u00f3n en una tinta para uso web JPG<\/a><br \/>\n&nbsp; &nbsp;&nbsp; &nbsp;&nbsp; &nbsp;&nbsp; &nbsp; &nbsp; &nbsp; &nbsp; &nbsp; &nbsp; &nbsp; &nbsp; &nbsp;&nbsp;&nbsp;<a href=\"https:\/\/comunicacion.umh.es\/files\/2017\/12\/LOGO-ART-SEC-UNA-TINTA-WEB-FONDO-TRANS.zip\">Segunda articulaci\u00f3n en una tinta para uso web PNG<\/a><br \/>\n&nbsp; &nbsp;&nbsp; &nbsp;&nbsp; &nbsp;&nbsp; &nbsp; &nbsp; &nbsp; &nbsp; &nbsp; &nbsp; &nbsp; &nbsp; &nbsp;&nbsp;&nbsp;<a href=\"https:\/\/comunicacion.umh.es\/files\/2017\/12\/LOGO-ART-SEC-UNA-TINTA-IMPRESION-FONDO-BLANCO.zip\">Segunda articulaci\u00f3n en una tinta para uso impreso JPG<\/a><br \/>\n&nbsp; &nbsp;&nbsp; &nbsp;&nbsp; &nbsp;&nbsp; &nbsp; &nbsp; &nbsp; &nbsp; &nbsp; &nbsp; &nbsp; &nbsp; &nbsp;&nbsp;&nbsp;<a href=\"https:\/\/comunicacion.umh.es\/files\/2017\/12\/LOGO-ART-SEC-UNA-TINTA-IMPRESION-FONDO-TRANS.zip\">Segunda articulaci\u00f3n en una tinta para uso impreso PNG<\/a><\/td>\n<\/tr>\n<\/tbody>\n<\/table>\n<h2 style=\"margin-bottom: 10px\"><span style=\"color: #800000\">FORMATO PROFESIONAL<\/span><\/h2>\n<p>Vectorial para uso profesional. Esta versi\u00f3n extendida incluye la totalidad de las versiones de la articulaci\u00f3n principal as\u00ed como la segunda y tercera articulaci\u00f3n del logos\u00edmbolo. <a href=\"https:\/\/comunicacion.umh.es\/files\/2017\/12\/LOGOS-UMH.zip\">(Descarga de PDF)<\/a><\/p>\n<p align=\"justify\">Las versiones del s\u00edmbolo y del logos\u00edmbolo as\u00ed como de otras articulaciones que aqu\u00ed se muestran son las \u00fanicas v\u00e1lidas. La deformaci\u00f3n, giro, cambios de color, eliminaci\u00f3n o superposici\u00f3n de elementos ajenos, superposici\u00f3n sobre colores no permitidos o que causen confusi\u00f3n o cambios en la ubicaci\u00f3n o proporci\u00f3n de los elementos propios de la identidad visual, no est\u00e1n permitidos en ning\u00fan caso.<\/p>\n<h2 style=\"margin-bottom: 10px\"><span style=\"color: #800000\">MANUAL B\u00c1SICO<\/span><\/h2>\n<p align=\"justify\">Con el fin de respetar nuestra identidad corporativa, la Universidad tambi\u00e9n pone a su disposici\u00f3n el Manual B\u00e1sico de Identidad Visual Corporativa completo. Se recomienda su lectura antes de hacer uso de cualquiera de los archivos de descarga incluidos en esta p\u00e1gina.<a href=\"https:\/\/comunicacion.umh.es\/files\/2017\/12\/MANUAL-UMH-APROBADO.zip\">(Descarga de Manual) <\/a><a href=\"https:\/\/comunicacion.umh.es\/files\/2017\/12\/MANUAL-UMH-VALENCIA.zip\">(Descarga de Manual en Valenciano) <\/a><\/p>\n<p align=\"justify\"><a href=\"https:\/\/comunicacion.umh.es\/files\/2017\/12\/PortadaManual.png\"><img loading=\"lazy\" class=\"size-medium wp-image-100682 aligncenter\" src=\"https:\/\/comunicacion.umh.es\/files\/2017\/12\/PortadaManual-300x213.png\" alt=\"\" width=\"300\" height=\"213\" srcset=\"https:\/\/comunicacion.umh.es\/files\/2017\/12\/PortadaManual-300x213.png 300w, https:\/\/comunicacion.umh.es\/files\/2017\/12\/PortadaManual.png 477w\" sizes=\"(max-width: 300px) 100vw, 300px\" \/><\/a><\/p>\n<p align=\"justify\">Para poder acceder a los logos\u00edmbolos anteriores a esta actualizaci\u00f3n, v\u00e1lidos hasta el 31\/12\/2017 <a href=\"https:\/\/comunicacion.umh.es\/logotipos20aniversario\/\">pulse aqu\u00ed<\/a>.<\/p>\n<p><\/p>","protected":false},"excerpt":{"rendered":"<p>La Universidad Miguel Hern\u00e1ndez pone a la disposici\u00f3n de los usuarios el logos\u00edmbolo de la misma en las siguientes versiones para facilitar el uso y difusi\u00f3n correcta de su imagen de marca:<br \/>\nFORMATO PARA USO EN CORREO ELECTR\u00d3NICO<\/p>\n<p>Articulaci\u00f3n principal para uso integrado en correo electr\u00f3nico<br \/>\nARTICULACI\u00d3N PRINCIPAL<\/p>\n<p>Articulaci\u00f3n principal para uso web JPG<br \/>\nArticulaci\u00f3n principal para uso web PNG<br \/>\nArticulaci\u00f3n [&#8230;]<\/p>\n","protected":false},"author":1,"featured_media":0,"parent":255,"menu_order":320,"comment_status":"closed","ping_status":"open","template":"","meta":{"ngg_post_thumbnail":0,"_links_to":"","_links_to_target":""},"_links":{"self":[{"href":"https:\/\/comunicacion.umh.es\/ca\/wp-json\/wp\/v2\/pages\/260"}],"collection":[{"href":"https:\/\/comunicacion.umh.es\/ca\/wp-json\/wp\/v2\/pages"}],"about":[{"href":"https:\/\/comunicacion.umh.es\/ca\/wp-json\/wp\/v2\/types\/page"}],"author":[{"embeddable":true,"href":"https:\/\/comunicacion.umh.es\/ca\/wp-json\/wp\/v2\/users\/1"}],"replies":[{"embeddable":true,"href":"https:\/\/comunicacion.umh.es\/ca\/wp-json\/wp\/v2\/comments?post=260"}],"version-history":[{"count":0,"href":"https:\/\/comunicacion.umh.es\/ca\/wp-json\/wp\/v2\/pages\/260\/revisions"}],"up":[{"embeddable":true,"href":"https:\/\/comunicacion.umh.es\/ca\/wp-json\/wp\/v2\/pages\/255"}],"wp:attachment":[{"href":"https:\/\/comunicacion.umh.es\/ca\/wp-json\/wp\/v2\/media?parent=260"}],"curies":[{"name":"wp","href":"https:\/\/api.w.org\/{rel}","templated":true}]}}